{"id":1487,"date":"2024-05-31T19:10:53","date_gmt":"2024-05-31T19:10:53","guid":{"rendered":"https:\/\/source.votematch.eu\/avrupa-parlementosu-secimleri\/"},"modified":"2024-05-31T19:10:54","modified_gmt":"2024-05-31T19:10:54","slug":"avrupa-parlementosu-secimleri","status":"publish","type":"page","link":"https:\/\/source.votematch.eu\/tr\/avrupa-parlementosu-secimleri\/","title":{"rendered":"Avrupa Parlementosu Se\u00e7imleri"},"content":{"rendered":"\n<h2 class=\"wp-block-heading\">Avrupa se\u00e7imlerinde ne i\u00e7in o veririz?<\/h2>\n\n<p>Avrupa se\u00e7imleri s\u0131ras\u0131nda vatanda\u015flar Avrupa Parlamentosu \u00fcyelerini (AP\u00dc) se\u00e7erler. Bu her be\u015f y\u0131lda bir ger\u00e7ekle\u015fir. Son se\u00e7imler 2019&#8217;da ger\u00e7ekle\u015fti, bir sonraki se\u00e7im bu y\u0131l, 6 &#8211; 9 Haziran 2024 tarihleri \u200b\u200baras\u0131nda ger\u00e7ekle\u015fecektir. Vatanda\u015flar kendilerini Avrupa Parlamentosu&#8217;nda temsil edecek politikac\u0131lara veya siyasi partilere oy verirler. Kendi \u00fclkelerinde birbirleriyle yar\u0131\u015fan partilere oy verirler, di\u011fer Avrupa \u00fclkelerindeki partilere veya bir Avrupa listesine oy veremezler. Her \u00fclkenin Avrupa Parlamentosu&#8217;nda belirli say\u0131da sandalyesi vard\u0131r.<\/p>\n\n<h2 class=\"wp-block-heading\">Avrupa Parlementosu ne yapar?<\/h2>\n\n<p>Avrupa Parlamentosu, Avrupa Birli\u011fi&#8217;nin en \u00f6nemli kurumlar\u0131ndan biridir. Avrupa Komisyonu ve Avrupa Birli\u011fi Konseyi ile birlikte t\u00fcm Avrupa Birli\u011fi i\u00e7in ge\u00e7erli olan mevzuat\u0131n haz\u0131rlanmas\u0131ndan sorumludur. Ayr\u0131ca Avrupa Parlamentosu, Komisyon Ba\u015fkan\u0131n\u0131 se\u00e7er, Avrupa Konseyi ile birlikte Avrupa b\u00fct\u00e7esini onaylar ve ba\u015fka bir\u00e7ok g\u00f6revi vard\u0131r.<\/p>\n\n<h2 class=\"wp-block-heading\">Avrupa Parlamentosu nas\u0131l organize edilmi\u015ftir?<\/h2>\n\n<p>Avrupa Parlamentosu en fazla 750 \u00fcye ve bir cumhurba\u015fkan\u0131ndan olu\u015fuyor. Bu say\u0131 se\u00e7imlerden \u00f6nce belirleniyor ve bir sonraki parlamento d\u00f6nemi i\u00e7in 720 \u00fcye olarak belirleniyor. T\u00fcm \u00fcyeler Haziran ay\u0131nda yap\u0131lacak se\u00e7imlerde se\u00e7ilecek. Her \u00fcye devlet, \u00dcye devletlerin Avrupa Parlamentosu&#8217;nda n\u00fcfus b\u00fcy\u00fckl\u00fc\u011f\u00fcne ba\u011fl\u0131 olarak belirli say\u0131da sandalyesi en az 6 ve en fazla 96 sandalyeye sahiptir.&#13;\nAvrupa Parlamentosu \u00fcyeleri (AP milletvekilleri), parlamentoda milliyet yerine ortak siyasi ideolojilere dayal\u0131 siyasi gruplar olu\u015fturur. Bu nedenle her siyasi grup, benzer siyasi pozisyonlara sahip farkl\u0131 \u00fcye devletlerden milletvekillerini i\u00e7eriyor.<\/p>\n\n<h2 class=\"wp-block-heading\">Avrupa partileri nelerdir?<\/h2>\n\n<p>Vatanda\u015flar do\u011frudan Avrupa partilerine oy veremezler ama varlar. Ulusal partilerin \u00e7o\u011fu, Avrupa&#8217;daki on siyasi partiden birine ba\u011fl\u0131d\u0131r. Bu partiler genel olarak Avrupa Parlamentosu&#8217;ndaki siyasi gruplara kar\u015f\u0131l\u0131k geliyor, ancak tamamen de\u011fil. Mesela Avrupa Ye\u015filler Partisi ve Avrupa \u00d6zg\u00fcr \u0130ttifak\u0131 iki ayr\u0131 parti ama Parlamento&#8217;da tek bir grup olu\u015fturuyorlar. Avrupa partileri, ulusal d\u00fczeyde ve Avrupa d\u00fczeyinde, AB kurumlar\u0131 aras\u0131nda ve Avrupa Parlamentosu \u00fcyeleri aras\u0131ndaki koordinasyonda giderek daha \u00f6nemli hale geldi. Avrupa partileri arac\u0131l\u0131\u011f\u0131yla milletvekillerinin siyasi pozisyonlar\u0131 uyumlu hale getiriliyor ve bu da onlar\u0131n etkisini art\u0131r\u0131yor.<\/p>\n","protected":false},"excerpt":{"rendered":"<p>Avrupa se\u00e7imlerinde ne i\u00e7in o veririz? Avrupa se\u00e7imleri s\u0131ras\u0131nda vatanda\u015flar Avrupa Parlamentosu \u00fcyelerini (AP\u00dc) se\u00e7erler. Bu her be\u015f y\u0131lda bir ger\u00e7ekle\u015fir. Son se\u00e7imler 2019&#8217;da ger\u00e7ekle\u015fti, bir sonraki se\u00e7im bu y\u0131l, 6 &#8211; 9 Haziran 2024 tarihleri \u200b\u200baras\u0131nda ger\u00e7ekle\u015fecektir. Vatanda\u015flar kendilerini Avrupa Parlamentosu&#8217;nda temsil edecek politikac\u0131lara veya siyasi partilere oy verirler. Kendi \u00fclkelerinde birbirleriyle yar\u0131\u015fan partilere [&hellip;]<\/p>\n","protected":false},"author":3,"featured_media":0,"parent":0,"menu_order":0,"comment_status":"closed","ping_status":"closed","template":"templates\/about.php","meta":{"_acf_changed":false,"footnotes":""},"class_list":["post-1487","page","type-page","status-publish","hentry"],"acf":[],"_links":{"self":[{"href":"https:\/\/source.votematch.eu\/tr\/wp-json\/wp\/v2\/pages\/1487","targetHints":{"allow":["GET"]}}],"collection":[{"href":"https:\/\/source.votematch.eu\/tr\/wp-json\/wp\/v2\/pages"}],"about":[{"href":"https:\/\/source.votematch.eu\/tr\/wp-json\/wp\/v2\/types\/page"}],"author":[{"embeddable":true,"href":"https:\/\/source.votematch.eu\/tr\/wp-json\/wp\/v2\/users\/3"}],"replies":[{"embeddable":true,"href":"https:\/\/source.votematch.eu\/tr\/wp-json\/wp\/v2\/comments?post=1487"}],"version-history":[{"count":1,"href":"https:\/\/source.votematch.eu\/tr\/wp-json\/wp\/v2\/pages\/1487\/revisions"}],"predecessor-version":[{"id":1488,"href":"https:\/\/source.votematch.eu\/tr\/wp-json\/wp\/v2\/pages\/1487\/revisions\/1488"}],"wp:attachment":[{"href":"https:\/\/source.votematch.eu\/tr\/wp-json\/wp\/v2\/media?parent=1487"}],"curies":[{"name":"wp","href":"https:\/\/api.w.org\/{rel}","templated":true}]}}